{"id":24,"date":"2025-12-13T21:15:35","date_gmt":"2025-12-14T00:15:35","guid":{"rendered":"https:\/\/apfa.org.ar\/sief18\/?page_id=24"},"modified":"2026-04-24T10:57:04","modified_gmt":"2026-04-24T13:57:04","slug":"actividades","status":"publish","type":"page","link":"https:\/\/apfa.org.ar\/sief18\/actividades\/","title":{"rendered":"Actividades"},"content":{"rendered":"\n<h3 class=\"wp-block-heading\">SIEF 18<\/h3>\n\n\n\n<p>SIEF 18 ofrecer\u00e1 conferencias de reconocidos especialistas nacionales e internacionales. Adem\u00e1s, se realizar\u00e1n mesas redondas de discusi\u00f3n sobre la actualidad de la did\u00e1ctica de la f\u00edsica, de la educaci\u00f3n cient\u00edfica y su relaci\u00f3n con otras disciplinas. Los asistentes podr\u00e1n presentar trabajos que ser\u00e1n evaluados a doble ciego y se defender\u00e1n en sesiones de discusi\u00f3n oral de trabajos. <\/p>\n\n\n\n<p>Tambi\u00e9n se preveen actividades culturales y visitas a centros de investigaci\u00f3n de la ciudad de Rosario.<\/p>\n\n\n\n<h3 class=\"wp-block-heading\">Workshop<\/h3>\n\n\n\n<p>Los Workshops se realizar\u00e1n \u00fanicamente con modalidad presencial. Se trata de cursos a cargo de reconocidos especialistas y sus equipos de trabajo. Durante dos jornadas los asistentes sostendr\u00e1n discusiones y realizar\u00e1n diversas tareas que les permitir\u00e1n profundizar en distintos temas de inter\u00e9s para la educaci\u00f3n cient\u00edfica. Con una actividad de s\u00edntesis requerida por los profesores, se obtendr\u00e1 un certificado de Curso Aprobado. <a href=\"https:\/\/apfa.org.ar\/sief18\/workshop\/\" data-type=\"page\" data-id=\"130\">Para m\u00e1s informaci\u00f3n sobre los workshops, hacer click aqu\u00ed<\/a>.<\/p>\n\n\n\n<h3 class=\"wp-block-heading\">Premio Leonor Colombo a la Investigaci\u00f3n en Educaci\u00f3n en F\u00edsica 2026<\/h3>\n\n\n\n<p>En esta edici\u00f3n del SIEF se invitar\u00e1 a las socias y socios que hayan conclu\u00eddo una maestr\u00eda o un doctorado en el \u00e1rea de Educaci\u00f3n en F\u00edsica en los \u00faltimos 4 a\u00f1os a presentar sus investigaciones en conferencias especialmente programadas durante el evento. Quienes cumplan con los requisitos establecidos por la Comisi\u00f3n Directiva de APFA en conjunto con el Comit\u00e9 Cient\u00edfico de SIEF ser\u00e1n distinguidos\/as con el premio a la Investigaci\u00f3n en Educaci\u00f3n en F\u00edsica \u00abLeonor Colombo de Cudmani 2026\u00bb. Los requisitos ser\u00e1n publicados durante el mes de abril de 2026. Las postulaciones se abrir\u00e1n el 4 de mayo.<\/p>\n\n\n\n<p>En esta edici\u00f3n el premio tendr\u00e1 dos categor\u00edas:<\/p>\n\n\n\n<ul class=\"wp-block-list\">\n<li>Categor\u00eda Maestr\u00eda<\/li>\n\n\n\n<li>Categor\u00eda Doctorado<\/li>\n<\/ul>\n","protected":false},"excerpt":{"rendered":"<p>SIEF 18 SIEF 18 ofrecer\u00e1 conferencias de reconocidos especialistas nacionales e internacionales. Adem\u00e1s, se realizar\u00e1n mesas redondas de discusi\u00f3n sobre la actualidad de la did\u00e1ctica de la f\u00edsica, de la educaci\u00f3n cient\u00edfica y su relaci\u00f3n con otras disciplinas. Los asistentes podr\u00e1n presentar trabajos que ser\u00e1n evaluados a doble ciego y se defender\u00e1n en sesiones de&hellip;&nbsp;<\/p>\n","protected":false},"author":2,"featured_media":42,"parent":0,"menu_order":0,"comment_status":"closed","ping_status":"closed","template":"","meta":{"neve_meta_sidebar":"","neve_meta_container":"","neve_meta_enable_content_width":"","neve_meta_content_width":0,"neve_meta_title_alignment":"","neve_meta_author_avatar":"","neve_post_elements_order":"","neve_meta_disable_header":"","neve_meta_disable_footer":"","neve_meta_disable_title":"","footnotes":""},"class_list":["post-24","page","type-page","status-publish","has-post-thumbnail","hentry"],"jetpack_sharing_enabled":true,"_links":{"self":[{"href":"https:\/\/apfa.org.ar\/sief18\/wp-json\/wp\/v2\/pages\/24","targetHints":{"allow":["GET"]}}],"collection":[{"href":"https:\/\/apfa.org.ar\/sief18\/wp-json\/wp\/v2\/pages"}],"about":[{"href":"https:\/\/apfa.org.ar\/sief18\/wp-json\/wp\/v2\/types\/page"}],"author":[{"embeddable":true,"href":"https:\/\/apfa.org.ar\/sief18\/wp-json\/wp\/v2\/users\/2"}],"replies":[{"embeddable":true,"href":"https:\/\/apfa.org.ar\/sief18\/wp-json\/wp\/v2\/comments?post=24"}],"version-history":[{"count":12,"href":"https:\/\/apfa.org.ar\/sief18\/wp-json\/wp\/v2\/pages\/24\/revisions"}],"predecessor-version":[{"id":177,"href":"https:\/\/apfa.org.ar\/sief18\/wp-json\/wp\/v2\/pages\/24\/revisions\/177"}],"wp:featuredmedia":[{"embeddable":true,"href":"https:\/\/apfa.org.ar\/sief18\/wp-json\/wp\/v2\/media\/42"}],"wp:attachment":[{"href":"https:\/\/apfa.org.ar\/sief18\/wp-json\/wp\/v2\/media?parent=24"}],"curies":[{"name":"wp","href":"https:\/\/api.w.org\/{rel}","templated":true}]}}