{"id":154,"date":"2020-02-07T16:11:49","date_gmt":"2020-02-07T16:11:49","guid":{"rendered":"https:\/\/cordobasief15.wordpress.com\/?page_id=154"},"modified":"2020-02-07T16:11:49","modified_gmt":"2020-02-07T16:11:49","slug":"informacion","status":"publish","type":"page","link":"https:\/\/apfa.org.ar\/webeventos\/sief15\/informacion\/","title":{"rendered":"Sesiones de Discusi\u00f3n"},"content":{"rendered":"\n<p>Sesi\u00f3n de discusi\u00f3n:\u00a0<strong>A<\/strong><\/p>\n\n\n\n<p>Coordinadora: <strong>Alejandra Dom\u00ednguez<\/strong><\/p>\n\n\n\n<table id=\"tablepress-2\" class=\"tablepress tablepress-id-2\">\n<thead>\n<tr class=\"row-1\">\n\t<th class=\"column-1\">Autores<\/th><th class=\"column-2\">T\u00edtulo<\/th>\n<\/tr>\n<\/thead>\n<tbody class=\"row-striping row-hover\">\n<tr class=\"row-2\">\n\t<td class=\"column-1\">Claudia Mar\u00eda Romagnoli y <br \/>\nViviana Rosa Sebben<\/td><td class=\"column-2\"><a href=\"https:\/\/drive.google.com\/file\/d\/1BKlkIoS1vADVIINVtdd-iQuvZSmD7IR8\/view?usp=sharing\" rel=\"noopener noreferrer\" target=\"_blank\">Contenidos de F\u00edsica desarrollados en investigaciones escolares referidos al Eclipse Solar 2019<\/a><\/td>\n<\/tr>\n<tr class=\"row-3\">\n\t<td class=\"column-1\">Oscar A. Pedersen y Ernesto Brunetto<br \/>\n<\/td><td class=\"column-2\"><a href=\"https:\/\/drive.google.com\/file\/d\/1-aU3kftjuntchNNGB2rh7iUUfkGwetbP\/view?usp=sharing\" rel=\"noopener noreferrer\" target=\"_blank\">Servidor de mapas como recurso TIC para la ense\u00f1anza de la Ciencias de la Tierra en el Profesorado en F\u00edsica.<\/a><\/td>\n<\/tr>\n<tr class=\"row-4\">\n\t<td class=\"column-1\">Araceli Billodas y Fernando Garelli <br \/>\nSilvina Cordero<\/td><td class=\"column-2\"><a href=\"https:\/\/drive.google.com\/file\/d\/180ibTkK_F-4HcpkWoHN3rbKtKWTZgw6M\/view?usp=sharing\" rel=\"noopener noreferrer\" target=\"_blank\">\u201c\u2026all\u00ed existi\u00f3 una ciudad llamada Punta Lara\u201d: una secuencia did\u00e1ctica sobre el cambio clim\u00e1tico en tiempos de pandemia por el COVid-19.<\/a><\/td>\n<\/tr>\n<tr class=\"row-5\">\n\t<td class=\"column-1\">Josefina Huespe, Mercedes Frassinelli y<br \/>\nRodolfo Abel Dematte<\/td><td class=\"column-2\"><a href=\"https:\/\/drive.google.com\/open?id=1gcDahUviVeMavHL2zEI1BWeiAu19lqoa\" rel=\"noopener noreferrer\" target=\"_blank\">Propuesta metodol\u00f3gica transversal de ense\u00f1anza de la f\u00edsica<br \/>\n integrando c\u00e1tedras de diferentes \u00e1reas disciplinares.<\/a><\/td>\n<\/tr>\n<tr class=\"row-6\">\n\t<td class=\"column-1\">Hugo D. Navone, Lucas Niell , <br \/>\nManuel Bertoldi, Rodrigo Mench\u00f3n <br \/>\ny Andrea L. Fourty<\/td><td class=\"column-2\"><a href=\"https:\/\/drive.google.com\/file\/d\/1yxXo9W-q1mqO19zkbxkPuE667lk1O-go\/view?usp=sharing\" rel=\"noopener noreferrer\" target=\"_blank\">La cuesti\u00f3n ambiental en la Revista de Ense\u00f1anza de la F\u00edsica<br \/>\n (2015-2019)<\/a><\/td>\n<\/tr>\n<\/tbody>\n<\/table>\n<!-- #tablepress-2 from cache -->\n\n\n\n<p>Sesi\u00f3n de discusi\u00f3n:&nbsp;<strong>B<\/strong><\/p>\n\n\n\n<p>Coordinadora: <strong><strong>Alejandra Rosolio<\/strong><\/strong><\/p>\n\n\n\n<table id=\"tablepress-3\" class=\"tablepress tablepress-id-3\">\n<thead>\n<tr class=\"row-1\">\n\t<th class=\"column-1\">Autores<\/th><th class=\"column-2\">T\u00edtulo<\/th>\n<\/tr>\n<\/thead>\n<tbody class=\"row-striping row-hover\">\n<tr class=\"row-2\">\n\t<td class=\"column-1\">Claudia Mazzitelli, Julieta Laudad\u00edo <br \/>\ny Ana Mar\u00eda Guirado<\/td><td class=\"column-2\"><a href=\"https:\/\/drive.google.com\/file\/d\/13hxzMrzalxgSrbxjVVSJ7QzUDNybAIJo\/view?usp=sharing\" rel=\"noopener noreferrer\" target=\"_blank\">Reflexiones sobre la formaci\u00f3n inicial en Ciencias Naturales desde la mirada de los docentes formadores<\/a><\/td>\n<\/tr>\n<tr class=\"row-3\">\n\t<td class=\"column-1\">Lucas Henrique Tavano y <br \/>\nBeatriz Salemme Corr\u00eaa Cortela<\/td><td class=\"column-2\"><a href=\"https:\/\/drive.google.com\/open?id=1eg4ghYFG_CW1rWkvfZl2ddxOI6XTAgH2\" rel=\"noopener noreferrer\" target=\"_blank\">Filmes comerciais como recurso did\u00e1tico para o ensino de F\u00edsica: o <br \/>\nque indicam as pesquisas brasileiras<\/a><\/td>\n<\/tr>\n<tr class=\"row-4\">\n\t<td class=\"column-1\">Myriam Villegas y Julio Benegas<\/td><td class=\"column-2\"><a href=\"https:\/\/drive.google.com\/file\/d\/1TlTQiRl47vHW2IaPYtKaDqU3DxDhOOyp\/view?usp=sharing\" rel=\"noopener noreferrer\" target=\"_blank\">Aprendizaje conceptual en un curso de F\u00edsica General<\/a><\/td>\n<\/tr>\n<tr class=\"row-5\">\n\t<td class=\"column-1\">Erica Zorrilla, Claudia Mazzitelli, <br \/>\nAlejandro Calle Restrepo, <br \/>\nFanny Angulo Delgado y<br \/>\n Carlos Arturo Soto Lombana<\/td><td class=\"column-2\"><a href=\"https:\/\/drive.google.com\/open?id=16r955LAXVPpMf7Z0-u0gwHimkOcmC7_B\" rel=\"noopener noreferrer\" target=\"_blank\">Las pr\u00e1cticas experimentales en el contexto de la formaci\u00f3n docente <br \/>\ninicial en Colombia<\/a><\/td>\n<\/tr>\n<tr class=\"row-6\">\n\t<td class=\"column-1\">Cristian Ot\u00e1vio de Lima y <br \/>\nBeatriz S. C. Cortela<\/td><td class=\"column-2\"><a href=\"https:\/\/drive.google.com\/file\/d\/19UttvX0_MMcTyCVH2xj278vao3GtR2VH\/view?usp=sharing\" rel=\"noopener noreferrer\" target=\"_blank\">Poss\u00edveis concep\u00e7\u00f5es sobre a Natureza da Ci\u00eancia de graduandos em F\u00edsica, no contexto de uma universidade p\u00fablica brasileira.<\/a><\/td>\n<\/tr>\n<tr class=\"row-7\">\n\t<td class=\"column-1\">Amanda Cristina Naujorks,<br \/>\n Lisiane Barcellos Calheiro,<br \/>\n N\u00e1dia Cristina y Guimar\u00e3es Errobidart<\/td><td class=\"column-2\"><a href=\"https:\/\/drive.google.com\/open?id=1wGtXz7ayHYDYDMYLFkLQ07oxS6ABqa4j\" rel=\"noopener noreferrer\" target=\"_blank\">Saberes docentes de uma professora em forma\u00e7\u00e3o mobilizados na constru\u00e7\u00e3o de uma UEPS sobre as leis de Newton<\/a><\/td>\n<\/tr>\n<\/tbody>\n<\/table>\n<!-- #tablepress-3 from cache -->\n\n\n\n<p>Sesi\u00f3n de discusi\u00f3n:&nbsp;<strong>C<\/strong><\/p>\n\n\n\n<p>Coordinadora: <strong><strong><strong>Consuelo Escudero<\/strong><\/strong><\/strong><\/p>\n\n\n\n<table id=\"tablepress-4\" class=\"tablepress tablepress-id-4\">\n<thead>\n<tr class=\"row-1\">\n\t<th class=\"column-1\">Autores<\/th><th class=\"column-2\">T\u00edtulo<\/th>\n<\/tr>\n<\/thead>\n<tbody class=\"row-striping row-hover\">\n<tr class=\"row-2\">\n\t<td class=\"column-1\">Carla In\u00e9s Maturano y <br \/>\nCarina Alejandra Rudolph<\/td><td class=\"column-2\"><a href=\"https:\/\/drive.google.com\/file\/d\/1ED4y0BJGViGjF87uw1nn3_Y2mrgm45jZ\/view?usp=sharing\" rel=\"noopener noreferrer\" target=\"_blank\">La multimodalidad del discurso cient\u00edfico en explicaciones <br \/>\ntecnol\u00f3gicas incluidas en libros de texto universitarios de F\u00edsica<\/a><\/td>\n<\/tr>\n<tr class=\"row-3\">\n\t<td class=\"column-1\">H\u00e9ctor Pedrol, Andrea Bonnet, <br \/>\nAdriana Calderaro, Luc\u00eda Iuliani <br \/>\ny Eduardo Dunand<\/td><td class=\"column-2\"><a href=\"https:\/\/drive.google.com\/open?id=1mBuQCI5As86_y6Q1uVUx4uqXOKwijKQI\" rel=\"noopener noreferrer\" target=\"_blank\">La multimodalidad en la ense\u00f1anza de la biolog\u00eda: el proceso de <br \/>\nargumentaci\u00f3n sobre la vacunaci\u00f3n<\/a><\/td>\n<\/tr>\n<tr class=\"row-4\">\n\t<td class=\"column-1\">V. Furci, A. Gonz\u00e1lez, O. Trinidad, <br \/>\nL. Peretti<\/td><td class=\"column-2\"><a href=\"https:\/\/drive.google.com\/file\/d\/1-VXEUE-8uPfQro2-df_y2JUIp40PeeVe\/view?usp=sharing\" rel=\"noopener noreferrer\" target=\"_blank\">An\u00e1lisis discursivo de la potencialidad did\u00e1ctica de una propuesta<br \/>\n STEM<\/a><\/td>\n<\/tr>\n<tr class=\"row-5\">\n\t<td class=\"column-1\">Silvia Garc\u00eda de Caj\u00e9n y<br \/>\n Jos\u00e9 Manuel Dom\u00ednguez Casti\u00f1eiras<\/td><td class=\"column-2\"><a href=\"https:\/\/drive.google.com\/file\/d\/1iCZ1XJT_CMmT0Ik3a5V7nw5vbjGpk0Cz\/view?usp=sharing\" rel=\"noopener noreferrer\" target=\"_blank\">Uso de pruebas en la argumentaci\u00f3n del profesorado de F\u00edsica, cuando resuelven un problema real<\/a><\/td>\n<\/tr>\n<\/tbody>\n<\/table>\n<!-- #tablepress-4 from cache -->\n\n\n\n<p>Sesi\u00f3n de discusi\u00f3n:&nbsp;<strong>D<\/strong><\/p>\n\n\n\n<p>Coordinadora: <strong><strong><strong><strong>Erica Zorrilla<\/strong><\/strong><\/strong><\/strong><\/p>\n\n\n\n<table id=\"tablepress-5\" class=\"tablepress tablepress-id-5\">\n<thead>\n<tr class=\"row-1\">\n\t<th class=\"column-1\">Autores<\/th><th class=\"column-2\">T\u00edtulo<\/th>\n<\/tr>\n<\/thead>\n<tbody class=\"row-striping row-hover\">\n<tr class=\"row-2\">\n\t<td class=\"column-1\">Wilmar Francisco Ramos<\/td><td class=\"column-2\"><a href=\"https:\/\/drive.google.com\/file\/d\/1Iz4Pw1nBPbm0ayN6378X2G8JftkvVtzo\/view?usp=sharing\" rel=\"noopener noreferrer\" target=\"_blank\">Representaci\u00f3n de argumentos en episodios discursivos de futuros<br \/>\n profesores de F\u00edsica<\/a><\/td>\n<\/tr>\n<tr class=\"row-3\">\n\t<td class=\"column-1\">H\u00e9ctor Pedrol, Franco Ort\u00edz, <br \/>\nAdriana Calderaro, Luc\u00eda Iuliani <br \/>\ny Andrea Avena<\/td><td class=\"column-2\"><a href=\"https:\/\/drive.google.com\/file\/d\/1naIcb1a_L130Eb3X_tkGCEuPXPlFpj6K\/view?usp=sharing\" rel=\"noopener noreferrer\" target=\"_blank\">Argumentaci\u00f3n multimodal en la ense\u00f1anza de la fisicoqu\u00edmica. <br \/>\nControversia sobre el uso de protectores solares nanoparticulados<\/a><\/td>\n<\/tr>\n<tr class=\"row-4\">\n\t<td class=\"column-1\">Cutrera, Guillermo; Massa, <br \/>\nMarta y Stipcich, Silvia<br \/>\n<\/td><td class=\"column-2\"><a href=\"https:\/\/drive.google.com\/file\/d\/1LwnNXuH71WhZgO0WkbJ1tXjMRxq8vlGX\/view?usp=sharing\" rel=\"noopener noreferrer\" target=\"_blank\">Interacciones discursivas en el trabajo did\u00e1ctico con explicaciones.<br \/>\n Un estudio de caso centrado en la estructura de las explicaciones<br \/>\ncient\u00edficas escolares<\/a><\/td>\n<\/tr>\n<tr class=\"row-5\">\n\t<td class=\"column-1\">Seoane, M. Eugenia, ; Arriassecq, Irene;<br \/>\n Greca, Ileana.M. y Ad\u00fariz-Bravo, Agust\u00edn<\/td><td class=\"column-2\"> <a href=\"https:\/\/drive.google.com\/file\/d\/1WNnTJbd0WeUyBub8cAYq4BBZBbh57Uf5\/view?usp=sharing\" rel=\"noopener noreferrer\" target=\"_blank\">Ciencias del clima en la escuela secundaria: Resultados de una<br \/>\nencuesta sobre el uso de aplicaciones de predicci\u00f3n meteorol\u00f3gica<\/a><\/td>\n<\/tr>\n<\/tbody>\n<\/table>\n<!-- #tablepress-5 from cache -->\n\n\n\n<p>Sesi\u00f3n de discusi\u00f3n:&nbsp;<strong>E<\/strong><\/p>\n\n\n\n<p>Coordinador: <strong>Diego Petrucci<\/strong><\/p>\n\n\n\n<table id=\"tablepress-6\" class=\"tablepress tablepress-id-6\">\n<thead>\n<tr class=\"row-1\">\n\t<th class=\"column-1\">Autores<\/th><th class=\"column-2\">T\u00edtulo<\/th>\n<\/tr>\n<\/thead>\n<tbody class=\"row-striping row-hover\">\n<tr class=\"row-2\">\n\t<td class=\"column-1\">Mar\u00eda Alejandra Dom\u00ednguez, Daiana Garcia y Gabriela Acosta<\/td><td class=\"column-2\"><a href=\"https:\/\/drive.google.com\/file\/d\/1vUKpQoIezicKxj3laO0tuYXDlfpVqKbG\/view?usp=sharing\" rel=\"noopener noreferrer\" target=\"_blank\">El dise\u00f1o de actividades de F\u00edsica ante el desaf\u00edo de la heterogeneidad escolar en la Educaci\u00f3n Secundaria<\/a><\/td>\n<\/tr>\n<tr class=\"row-3\">\n\t<td class=\"column-1\">Geraldine Chadwick, Jos\u00e9 Antonio Castorina y Leonor Bonan<\/td><td class=\"column-2\"><a href=\"https:\/\/drive.google.com\/file\/d\/1LWBBeK4PAe-G_RgoWfmrTljFj7wC02fr\/view?usp=sharing\" rel=\"noopener noreferrer\" target=\"_blank\">Los roles de la Luna (ca\u00b4agoxoic) en las temporalidades Qom como <br \/>\npropuesta did\u00e1ctica en contextos diversidad cultural<\/a><\/td>\n<\/tr>\n<tr class=\"row-4\">\n\t<td class=\"column-1\">Ver\u00f3nica Marcela Guridi, <br \/>\nLucas Pasquali Darim y Beatriz Crittelli<br \/>\n<\/td><td class=\"column-2\"><a href=\"https:\/\/drive.google.com\/file\/d\/1_iEYJAwBnRNMLGiHwYMjcsVyge0txRcO\/view?usp=sharing\" rel=\"noopener noreferrer\" target=\"_blank\">Reflex\u00f5es acerca da Did\u00e1tica Multissensorial aplicada ao ensino de<br \/>\n Ci\u00eancias para pessoas com defici\u00eancia<\/a><\/td>\n<\/tr>\n<tr class=\"row-5\">\n\t<td class=\"column-1\">H\u00e9ctor Pedrol, Adriana T. Calderaro,<br \/>\n<\/td><td class=\"column-2\"><a href=\"https:\/\/drive.google.com\/file\/d\/1pSUUvvWnMACPDmUeCUgmgAlPAVaFsXCz\/view?usp=sharing\" rel=\"noopener noreferrer\" target=\"_blank\"> La educaci\u00f3n en ciencias de la naturaleza en la Argentina: Su desarrollo hist\u00f3rico en el contexto latinoamericano.<\/a><\/td>\n<\/tr>\n<\/tbody>\n<\/table>\n<!-- #tablepress-6 from cache -->\n\n\n\n<p>Sesi\u00f3n de discusi\u00f3n:&nbsp;<strong>F<\/strong><\/p>\n\n\n\n<p>Coordinadora: <strong><strong>Elena Hoyos<\/strong><\/strong><\/p>\n\n\n\n<table id=\"tablepress-7\" class=\"tablepress tablepress-id-7\">\n<thead>\n<tr class=\"row-1\">\n\t<th class=\"column-1\">Autores<\/th><th class=\"column-2\">T\u00edtulo<\/th>\n<\/tr>\n<\/thead>\n<tbody class=\"row-striping row-hover\">\n<tr class=\"row-2\">\n\t<td class=\"column-1\">Luis Marino, Nicol\u00e1s Budini, , Leandro <br \/>\nSarmiento, Sandra G\u00f3mez Carrillo, Cristina<br \/>\nC\u00e1mara, Ricardo Carreri y Silvia Giorgi<br \/>\n<\/td><td class=\"column-2\"><a href=\"https:\/\/drive.google.com\/file\/d\/1sJBPk_OWxkLFZcEp6yprxStddVa0mKDL\/view?usp=sharing\" rel=\"noopener noreferrer\" target=\"_blank\">Una propuesta de ense\u00f1anza y aprendizaje de contenidos sobre <br \/>\nElectromagnetismo basada en la Instrucci\u00f3n entre Pares<\/a><\/td>\n<\/tr>\n<tr class=\"row-3\">\n\t<td class=\"column-1\">Norah Giacosa, Claudia Zang, Alejandro <br \/>\nSuch, Ramiro Galeano y Jorge Maidana<\/td><td class=\"column-2\"><a href=\"https:\/\/drive.google.com\/file\/d\/1JtelnNjZflE34nJmTKINY53SGmXYK8J5\/view?usp=sharing\" rel=\"noopener noreferrer\" target=\"_blank\">Im\u00e1genes del experimento de Young en libros de texto universitarios<\/a><\/td>\n<\/tr>\n<tr class=\"row-4\">\n\t<td class=\"column-1\">Freddy Guach\u00fan, Sonia Guz\u00f1ay <br \/>\ny Jessica V\u00e9lez<br \/>\n<\/td><td class=\"column-2\"><a href=\"https:\/\/drive.google.com\/open?id=1LnMBYaQNMS3gXNmXrAs_yBp7RjjDb2zX\" rel=\"noopener noreferrer\" target=\"_blank\">La UVE de Gowin como estrategia instruccional para realizar<br \/>\npra\u0301cticas de laboratorio de fi\u0301sica en la Universidad de Cuenca<\/a><\/td>\n<\/tr>\n<tr class=\"row-5\">\n\t<td class=\"column-1\">Mar\u00eda de los \u00c1ngeles Fanaro, <br \/>\nMariana Elgue y Juan Suasn\u00e1bar<\/td><td class=\"column-2\"><a href=\"https:\/\/drive.google.com\/file\/d\/1za8Xz2gWXaoU0NO99C7kHlO5jcIpLUL6\/view?usp=sharing\" rel=\"noopener noreferrer\" target=\"_blank\">Conceptos b\u00e1sicos de electricidad y magnetismo en una escuela <br \/>\nprimaria y aprendizaje por proyectos<\/a><\/td>\n<\/tr>\n<tr class=\"row-6\">\n\t<td class=\"column-1\">Walter Acosta y Sandra A. Hern\u00e1ndez<\/td><td class=\"column-2\"><a href=\"https:\/\/drive.google.com\/file\/d\/1SFt8z9b1krZG0XU5vwhepw0LU_0Db2Ar\/view?usp=sharing\" rel=\"noopener noreferrer\" target=\"_blank\">Kaplamino bajo la lupa de la f\u00edsica cl\u00e1sica<\/a><\/td>\n<\/tr>\n<\/tbody>\n<\/table>\n<!-- #tablepress-7 from cache -->\n\n\n\n<p>Sesi\u00f3n de discusi\u00f3n:&nbsp;<strong>G<\/strong><\/p>\n\n\n\n<p>Coordinadora: <strong>Carla Maturano<\/strong><\/p>\n\n\n\n<table id=\"tablepress-8\" class=\"tablepress tablepress-id-8\">\n<thead>\n<tr class=\"row-1\">\n\t<th class=\"column-1\">Autores<\/th><th class=\"column-2\">T\u00edtulo<\/th>\n<\/tr>\n<\/thead>\n<tbody class=\"row-striping row-hover\">\n<tr class=\"row-2\">\n\t<td class=\"column-1\">Ana Fleisner y Bel\u00e9n Sabaini<\/td><td class=\"column-2\"><a href=\"https:\/\/drive.google.com\/file\/d\/1l9I-GINvTSR0Z4JL8FFzXQsN4QygGjil\/view\" rel=\"noopener noreferrer\" target=\"_blank\">La construcci\u00f3n de significado de conceptos en los libros de texto de<br \/>\nf\u00edsica: momento angular<\/a><\/td>\n<\/tr>\n<tr class=\"row-3\">\n\t<td class=\"column-1\">Claudia Mariela Zang y <br \/>\nNorah Silvana Giacosa<\/td><td class=\"column-2\"><a href=\"https:\/\/drive.google.com\/file\/d\/1-wwviET1aPKeH7OxocoCNceRuTuf2k9q\/view?usp=sharing\" rel=\"noopener noreferrer\" target=\"_blank\">Trabajo: su conceptualizaci\u00f3n en libros de texto de F\u00edsica<br \/>\n universitaria<\/a><\/td>\n<\/tr>\n<tr class=\"row-4\">\n\t<td class=\"column-1\">Mar\u00eda Montero, Yesica Inorreta<br \/>\ny Bettina Bravo<\/td><td class=\"column-2\"><a href=\"https:\/\/drive.google.com\/file\/d\/1-AuYSo2p77jicOGFDglYulkPQtMEo_Fi\/view?usp=sharing\" rel=\"noopener noreferrer\" target=\"_blank\">Resoluci\u00f3n de problemas ingenieriles en clases de F\u00edsica. <br \/>\nCategorizaci\u00f3n del modelo de procedimiento de resoluci\u00f3n<\/a><\/td>\n<\/tr>\n<tr class=\"row-5\">\n\t<td class=\"column-1\">Ronivan Sousa da Silva Suttini y N\u00e1dia Cristina Guimar\u00e3es Errobidart<\/td><td class=\"column-2\"><a href=\"https:\/\/drive.google.com\/file\/d\/1OI__mCsyU8gK2yN4HoQdOuCwgZFjvtRB\/view\" rel=\"noopener noreferrer\" target=\"_blank\">Desacelere 5: Uma proposta did\u00e1tica para o ensino de f\u00edsica sobre acidentes de tr\u00e2nsito<\/a><\/td>\n<\/tr>\n<tr class=\"row-6\">\n\t<td class=\"column-1\">Rafael Girola Schnaider y Jorge Luis Escudero<\/td><td class=\"column-2\"><a href=\"https:\/\/drive.google.com\/open?id=1dvn8pcdBpxVEcj7etEozZG7MG75e9p3A\" rel=\"noopener noreferrer\" target=\"_blank\">Kepler y la renuncia a la \u00f3rbita circular para Marte<\/a><\/td>\n<\/tr>\n<tr class=\"row-7\">\n\t<td class=\"column-1\">Roc\u00edo B. Kraser y Sandra A. Hern\u00e1ndez<br \/>\n<\/td><td class=\"column-2\"><a href=\"https:\/\/drive.google.com\/file\/d\/1ovKfsGrlxMn03rYLRmojEnEiw-wffu51\/view?usp=sharing\" rel=\"noopener noreferrer\" target=\"_blank\">Estudio del tema \u201cel agua como recurso\u201d desde una propuesta de<br \/>\n articulaci\u00f3n entre el nivel secundario y la universidad<\/a><\/td>\n<\/tr>\n<\/tbody>\n<\/table>\n<!-- #tablepress-8 from cache -->\n\n\n\n<p>Sesi\u00f3n de discusi\u00f3n:&nbsp;<strong>H<\/strong><\/p>\n\n\n\n<p>Coordinador: <strong>Juan Farina<\/strong><\/p>\n\n\n\n<table id=\"tablepress-9\" class=\"tablepress tablepress-id-9\">\n<thead>\n<tr class=\"row-1\">\n\t<th class=\"column-1\">Autores<\/th><th class=\"column-2\">T\u00edtulo<\/th>\n<\/tr>\n<\/thead>\n<tbody class=\"row-striping row-hover\">\n<tr class=\"row-2\">\n\t<td class=\"column-1\">Diego Galperin, Marcelo Alvarez,<br \/>\nLeonardo Heredia, Ray\u00e9n Sa\u00e9z <br \/>\ny Anabel Milner<\/td><td class=\"column-2\"><a href=\"https:\/\/drive.google.com\/file\/d\/1hlAf0jTlpBfyQperGLX8LoYKbQQz_NNn\/view?usp=sharing\" rel=\"noopener noreferrer\" target=\"_blank\">Comparaci\u00f3n de modelos mentales de estudiantes y docentes sobre las causas del d\u00eda y la noche, las estaciones y las fases lunares: un an\u00e1lisis a partir de los sistemas de referencia astron\u00f3micos<\/a><\/td>\n<\/tr>\n<tr class=\"row-3\">\n\t<td class=\"column-1\">Fabi\u00e1n Gon y Rodrigo Agosta<\/td><td class=\"column-2\"><a href=\"https:\/\/drive.google.com\/file\/d\/1fDQjEVkj7HZgeuvkH_P5cJxgzz6EmG38\/view?usp=sharing\" rel=\"noopener noreferrer\" target=\"_blank\">M\u00e9todo alternativo de evaluaci\u00f3n por competencias en alumnos de <br \/>\nF\u00edsica en carreras de Ingenier\u00eda.<\/a><\/td>\n<\/tr>\n<tr class=\"row-4\">\n\t<td class=\"column-1\">Daniel Badagnani, Mar\u00eda Cristina Terzzoli, <br \/>\nErica Schlaps y Diego Petrucci<\/td><td class=\"column-2\"><a href=\"https:\/\/drive.google.com\/file\/d\/1ADDIV5wunCuju82e0-iQNXrvuLaPJSxn\/view?usp=sharing\" rel=\"noopener noreferrer\" target=\"_blank\">Patr\u00f3n de respuestas a preguntas conceptuales sobre Mec\u00e1nica <br \/>\nnewtoniana: implicancias para el aprendizaje<\/a><\/td>\n<\/tr>\n<tr class=\"row-5\">\n\t<td class=\"column-1\">Vicente Capuano y Juan Cruz Bigliani<\/td><td class=\"column-2\"><a href=\"https:\/\/drive.google.com\/open?id=17CKMicLMGyZu4pIRfuIvsYy1m_i23I0z\" rel=\"noopener noreferrer\" target=\"_blank\">\u00bfQu\u00e9 opinan estudiantes y docentes, sobre distintos medios o entornos educativos?<\/a><\/td>\n<\/tr>\n<tr class=\"row-6\">\n\t<td class=\"column-1\">Josefina Huespe, Mercedes Frassinelli y<br \/>\nRodolfo Abel Dematte<\/td><td class=\"column-2\"><a href=\"https:\/\/drive.google.com\/open?id=1U_9Pi79DckxgSfZNF25uDqCLCTAY3L77\" rel=\"noopener noreferrer\" target=\"_blank\">Modalidad de evaluaci\u00f3n por competencias. Estudio de un caso<br \/>\n interdisciplinar<\/a><\/td>\n<\/tr>\n<\/tbody>\n<\/table>\n<!-- #tablepress-9 from cache -->\n\n\n\n<p>Sesi\u00f3n de discusi\u00f3n:&nbsp;<strong>I<\/strong><\/p>\n\n\n\n<p>Coordinadora: <strong>Miriam Scancich<\/strong><\/p>\n\n\n\n<table id=\"tablepress-10\" class=\"tablepress tablepress-id-10\">\n<thead>\n<tr class=\"row-1\">\n\t<th class=\"column-1\">Autores<\/th><th class=\"column-2\">T\u00edtulo<\/th>\n<\/tr>\n<\/thead>\n<tbody class=\"row-striping row-hover\">\n<tr class=\"row-2\">\n\t<td class=\"column-1\">Pocov\u00ed, M. Cecilia y Ledesma, Liliana<\/td><td class=\"column-2\"><a href=\"https:\/\/drive.google.com\/file\/d\/1r8cGCMa0Qj0DxojDweZw5N-oPvRr_y86\/view?usp=sharing\" rel=\"noopener noreferrer\" target=\"_blank\">C\u00f3digo no verbal: ontolog\u00eda y procesamiento asociativo inicial en el<br \/>\n caso de un concepto tipo Proceso<\/a><\/td>\n<\/tr>\n<tr class=\"row-3\">\n\t<td class=\"column-1\">Mar\u00eda Viviana Nieva y Laura Buteler<\/td><td class=\"column-2\"><a href=\"https:\/\/drive.google.com\/file\/d\/1ajkYREz-D9by0zDCsJmDfBQrWXQgjsmc\/view?usp=sharing\" rel=\"noopener noreferrer\" target=\"_blank\">Evaluaci\u00f3n interna de las explicaciones de los estudiantes cuando <br \/>\nresuelven problemas<\/a><\/td>\n<\/tr>\n<tr class=\"row-4\">\n\t<td class=\"column-1\">Hoyos, E. y Pocov\u00ed, M. C.<\/td><td class=\"column-2\"><a href=\"https:\/\/drive.google.com\/file\/d\/1WK_Y6rIVBvWvR2uc88VKoSytZ2Iry6i3\/view?usp=sharing\" rel=\"noopener noreferrer\" target=\"_blank\">Caracter\u00edsticas ontol\u00f3gicas de la Inducci\u00f3n Electromagn\u00e9tica<\/a><\/td>\n<\/tr>\n<tr class=\"row-5\">\n\t<td class=\"column-1\">Patrynie Garcia Barbosa, Arthur Marques<br \/>\n Aquino, Lisiane Barcellos y Calheiro<\/td><td class=\"column-2\"><a href=\"https:\/\/drive.google.com\/file\/d\/1sUoWyc9xofgCh1cduZwqoUTPJWQtchNr\/view?usp=sharing\" rel=\"noopener noreferrer\" target=\"_blank\">Representa\u00e7\u00f5es sociais de buraco negro em estudantes da educa\u00e7\u00e3o <br \/>\nb\u00e1sic<\/a><\/td>\n<\/tr>\n<tr class=\"row-6\">\n\t<td class=\"column-1\">Juan Cruz Bigliani y Vicente C. Capuano<\/td><td class=\"column-2\"><a href=\"https:\/\/drive.google.com\/open?id=1qOfeAOQ4oi13-ifASNvvB9ywqHp5f33O\" rel=\"noopener noreferrer\" target=\"_blank\">Pensamientos de docentes y alumnos, gustos, motivaci\u00f3n y sentido de la ense\u00f1anza<\/a><\/td>\n<\/tr>\n<\/tbody>\n<\/table>\n<!-- #tablepress-10 from cache -->\n\n\n\n<p>Sesi\u00f3n de discusi\u00f3n:<strong>&nbsp;J<\/strong><\/p>\n\n\n\n<p>Coordinadora: <strong><strong>Irene Arriasecq<\/strong><\/strong><\/p>\n\n\n\n<table id=\"tablepress-11\" class=\"tablepress tablepress-id-11\">\n<thead>\n<tr class=\"row-1\">\n\t<th class=\"column-1\">Autores<\/th><th class=\"column-2\">T\u00edtulo<\/th>\n<\/tr>\n<\/thead>\n<tbody class=\"row-striping row-hover\">\n<tr class=\"row-2\">\n\t<td class=\"column-1\">Mat\u00edas Scorsetti, Carola Astudillo<br \/>\n y Silvia Orlando<\/td><td class=\"column-2\"><a href=\"https:\/\/drive.google.com\/open?id=1MbBPVKTBE-bOmXVXN2GUaJOqeQZQbz57\" rel=\"noopener noreferrer\" target=\"_blank\">Las pr\u00e1cticas de la ense\u00f1anza de la Energ\u00eda en F\u00edsica:<br \/>\n Un estudio de caso desde el enfoque CTS<\/a><\/td>\n<\/tr>\n<tr class=\"row-3\">\n\t<td class=\"column-1\">F\u00e1bio Ramos da Silva y <br \/>\nMarcos Cesar Danhoni Neve<\/td><td class=\"column-2\"><a href=\"https:\/\/drive.google.com\/file\/d\/121jyXdVh8iJxdiudIVi2ZUZASYpcilYJ\/view?usp=sharing\" rel=\"noopener noreferrer\" target=\"_blank\">Uma abordagem de ensino CTSA com o tema \u2018F\u00edsica dos transportes\u2019<\/a><\/td>\n<\/tr>\n<tr class=\"row-4\">\n\t<td class=\"column-1\">Keidy Alejandra Alvarado Puentes y<br \/>\n Mar\u00eda de los \u00c1ngeles Fanaro<\/td><td class=\"column-2\"><a href=\"https:\/\/drive.google.com\/file\/d\/1OJCGg_bljb5ooG2wCTG4agaxwYP-3KMp\/view?usp=sharing\" rel=\"noopener noreferrer\" target=\"_blank\">T\u00e9cnica de c\u00e1lculo de probabilidad para la distribuci\u00f3n de los <br \/>\nelectrones en el Experimento de la Doble Rendija: an\u00e1lisis de la <br \/>\nconceptualizaci\u00f3n.<\/a><\/td>\n<\/tr>\n<tr class=\"row-5\">\n\t<td class=\"column-1\">Ignacio Idoyaga, Nahuel Moya, <br \/>\nJorge Maeyoshimoto y Gabriela Lorenzo<\/td><td class=\"column-2\"><a href=\"https:\/\/drive.google.com\/file\/d\/1cLc8pRiu6I1w5nmN33rz6Ms1eR5OSs-g\/view?usp=sharing\" rel=\"noopener noreferrer\" target=\"_blank\">Una propuesta metodol\u00f3gica para estudio de las representaciones <br \/>\nvisuales en los materiales did\u00e1cticos de f\u00edsica<\/a><\/td>\n<\/tr>\n<tr class=\"row-6\">\n\t<td class=\"column-1\">Fabiola Escobar Moreno<\/td><td class=\"column-2\"><a href=\"https:\/\/drive.google.com\/file\/d\/1jfFSfxMoSo9v26P4ukOAqAMR2D-tFVOe\/view?usp=sharing\" rel=\"noopener noreferrer\" target=\"_blank\">ABP Ctx en el aprendizaje de din\u00e1mica de fluidos y desarrollo de <br \/>\npensamiento cr\u00edtico.<\/a><\/td>\n<\/tr>\n<\/tbody>\n<\/table>\n<!-- #tablepress-11 from cache -->\n\n\n\n<p>Sesi\u00f3n de discusi\u00f3n:<strong>&nbsp;K<\/strong><\/p>\n\n\n\n<p>Coordinadora: <strong><strong><strong>Cecilia Pocov\u00ed<\/strong><\/strong><\/strong><\/p>\n\n\n\n<table id=\"tablepress-12\" class=\"tablepress tablepress-id-12\">\n<thead>\n<tr class=\"row-1\">\n\t<th class=\"column-1\">Autores<\/th><th class=\"column-2\">T\u00edtulo<\/th>\n<\/tr>\n<\/thead>\n<tbody class=\"row-striping row-hover\">\n<tr class=\"row-2\">\n\t<td class=\"column-1\">Alberto J. Lescano, Erica F. Reisenauer, <br \/>\nRub\u00e9n M. Acosta y Jon\u00e1s E. Alonso<\/td><td class=\"column-2\"><a href=\"https:\/\/drive.google.com\/file\/d\/1SIYrbgggtQrSJ4ja0Vayxhy5cBNYfqbS\/view?usp=sharing\" rel=\"noopener noreferrer\" target=\"_blank\">Hacia una caracterizaci\u00f3n en la ense\u00f1anza experimental: enfoques y <br \/>\nfinalidades de propuestas emp\u00edricas en la ense\u00f1anza de la f\u00edsica<\/a><\/td>\n<\/tr>\n<tr class=\"row-3\">\n\t<td class=\"column-1\">Diego Galperin, Marcelo Alvarez, <br \/>\nLeonardo Heredia y Javier Haramina<\/td><td class=\"column-2\"><a href=\"https:\/\/drive.google.com\/file\/d\/11vOsePry-KecVrevQf5szZb4y8xbckHC\/view?usp=sharing\" rel=\"noopener noreferrer\" target=\"_blank\">An\u00e1lisis de videos educativos y de divulgaci\u00f3n sobre d\u00eda\/noche,<br \/>\n estaciones y fases lunares<\/a><\/td>\n<\/tr>\n<tr class=\"row-4\">\n\t<td class=\"column-1\">Emiliano Gonz\u00e1lez, Luciana Mart\u00ednez <br \/>\nBovier y Alejandro Ram\u00f3n Gorosito<\/td><td class=\"column-2\"><a href=\"https:\/\/drive.google.com\/open?id=1bZwQvkP4VOJWyw6bFkwkRX2LaIl_9g2D\" rel=\"noopener noreferrer\" target=\"_blank\">Dise\u00f1o de un dispositivo para la ense\u00f1anza de mezcla de gases para ser utilizado en los diferentes niveles educativos: Secundario, Terciario y Universitario<\/a><\/td>\n<\/tr>\n<tr class=\"row-5\">\n\t<td class=\"column-1\">Miriam Scancich, Leandro Pala<br \/>\n y Marta Yanitelli<br \/>\n<\/td><td class=\"column-2\"><a href=\"https:\/\/drive.google.com\/file\/d\/14NlwfwquUnxXbLKSi8JGzAQfsFX9YMe1\/view?usp=sharing\" rel=\"noopener noreferrer\" target=\"_blank\">Pr\u00e1cticas de laboratorio: hacia un estudio de perfiles docentes<\/a><\/td>\n<\/tr>\n<tr class=\"row-6\">\n\t<td class=\"column-1\">M\u00f3nica Eliana Cardona Zapata, <br \/>\nVanessa Arias Gil, Sonia L\u00f3pez Rios<br \/>\n y Manuela Mesa Fl\u00f3rez<\/td><td class=\"column-2\"><a href=\"https:\/\/drive.google.com\/file\/d\/1gHLNrUmBfL4GoH3pGhVBXrHBli-hy_3w\/view\" rel=\"noopener noreferrer\" target=\"_blank\">Posibilidades de los recursos educativos digitales para la<br \/>\n implementaci\u00f3n de Sistemas de Adquisici\u00f3n de Datos en la ense\u00f1anza de la f\u00edsica<\/a><\/td>\n<\/tr>\n<\/tbody>\n<\/table>\n<!-- #tablepress-12 from cache -->\n\n\n\n<p>Sesi\u00f3n de discusi\u00f3n:<strong>&nbsp;L<\/strong><\/p>\n\n\n\n<p>Coordinador: <strong>Ignacio Idoyaga<\/strong><\/p>\n\n\n\n<table id=\"tablepress-13\" class=\"tablepress tablepress-id-13\">\n<thead>\n<tr class=\"row-1\">\n\t<th class=\"column-1\">Autores<\/th><th class=\"column-2\">T\u00edtulo<\/th>\n<\/tr>\n<\/thead>\n<tbody class=\"row-striping row-hover\">\n<tr class=\"row-2\">\n\t<td class=\"column-1\">Marcos Kupczewski y<br \/>\n Claudia L\u00f3pez de Muna\u00edn<\/td><td class=\"column-2\"><a href=\"https:\/\/drive.google.com\/file\/d\/1-nf515RmiRRM8u-XEAEkFzGx113hzHOi\/view?usp=sharing\" rel=\"noopener noreferrer\" target=\"_blank\">Diagn\u00f3stico para incorporar tecnolog\u00edas de la informaci\u00f3n y la <br \/>\ncomunicaci\u00f3n en F\u00edsica I: Estudiantes<\/a><\/td>\n<\/tr>\n<tr class=\"row-3\">\n\t<td class=\"column-1\">Ana Irene Ruggeri y Claudia Beatriz Anriquez<br \/>\n<\/td><td class=\"column-2\"><a href=\"https:\/\/drive.google.com\/open?id=131GB26-oD2eCgGOIhY3DZ0YyVVtZ4lib\" rel=\"noopener noreferrer\" target=\"_blank\">La competencia comunicativa en Laboratorio en tiempos de pandemia<\/a><\/td>\n<\/tr>\n<tr class=\"row-4\">\n\t<td class=\"column-1\">Javier Mart\u00edn, Edgardo A. Guti\u00e9rrez, <br \/>\nJuan Cruz Bigliani y Rub\u00e9n Rocchietti<\/td><td class=\"column-2\"><a href=\"https:\/\/drive.google.com\/file\/d\/1XXzfUpLr9gqB-iF7C026J6Seg-lIpJuK\/view?usp=sharing\" rel=\"noopener noreferrer\" target=\"_blank\">Nuestras pr\u00e1cticas docentes en tiempo de pandemia<\/a><\/td>\n<\/tr>\n<tr class=\"row-5\">\n\t<td class=\"column-1\">Diana Herrero-Villareal, Carlos <br \/>\nArguedas-Matarrita y Evelyn Guti\u00e9rrez-Soto<\/td><td class=\"column-2\"><a href=\"https:\/\/drive.google.com\/file\/d\/1bABKsP-rCo5bCDW54oq1hixBP6YQpc56\/view?usp=sharing\" rel=\"noopener noreferrer\" target=\"_blank\">Laboratorios Remotos: Recursos educativos para la experimentaci\u00f3n a distancia en tiempos de pandemia<\/a><\/td>\n<\/tr>\n<\/tbody>\n<\/table>\n<!-- #tablepress-13 from cache -->\n\n\n\n<p>Sesi\u00f3n de discusi\u00f3n:<strong>&nbsp;M<\/strong><\/p>\n\n\n\n<p>Coordinadora: <strong>Claudia Mazzitelli<\/strong><\/p>\n\n\n\n<table id=\"tablepress-14\" class=\"tablepress tablepress-id-14\">\n<thead>\n<tr class=\"row-1\">\n\t<th class=\"column-1\">Autores<\/th><th class=\"column-2\">T\u00edtulo<\/th>\n<\/tr>\n<\/thead>\n<tbody class=\"row-striping row-hover\">\n<tr class=\"row-2\">\n\t<td class=\"column-1\">Mar\u00eda Natacha Benavente Fager<br \/>\n y Adriana del Carmen Cuesta<\/td><td class=\"column-2\"><a href=\"https:\/\/drive.google.com\/file\/d\/1cbMBYpxWfvqDLgegfAdZqfZDEibjtsfI\/view?usp=sharing\" rel=\"noopener noreferrer\" target=\"_blank\">Modalidad b-learning para la ense\u00f1anza de F\u00edsica II: percepci\u00f3n de los <br \/>\nestudiantes y evaluaci\u00f3n de su impacto en los logros de aprendizaje<\/a><\/td>\n<\/tr>\n<tr class=\"row-3\">\n\t<td class=\"column-1\">Emanuel Serrano, Laura Herrero,<br \/>\n Ansis\u00e9 Chirino y Nelida Palma<\/td><td class=\"column-2\"><a href=\"https:\/\/drive.google.com\/open?id=10sZm3syR0X5_Dc_xCTYkKQdeM-x4w6oX\" rel=\"noopener noreferrer\" target=\"_blank\">Aportes de los laboratorios virtuales en la ense\u00f1anza de la f\u00edsica<\/a><\/td>\n<\/tr>\n<tr class=\"row-4\">\n\t<td class=\"column-1\">Silvia Clavijo, Graciela Serrano <br \/>\ny Lidia Catal\u00e1n<\/td><td class=\"column-2\"><a href=\"https:\/\/drive.google.com\/file\/d\/17K9L9K8kFNwJaELgXcdce_o4XELX1LFH\/view?usp=sharing\" rel=\"noopener noreferrer\" target=\"_blank\">Experiencias en metalurgia a trav\u00e9s de un laboratorio remoto<br \/>\n flexible con dispositivos programables<\/a><\/td>\n<\/tr>\n<tr class=\"row-5\">\n\t<td class=\"column-1\">Guillermo Becerra C\u00f3rdova<\/td><td class=\"column-2\"><a href=\"https:\/\/drive.google.com\/open?id=18j0eqREaX6lbUppn7XmAQdoLNQG6vqub\" rel=\"noopener noreferrer\" target=\"_blank\">Un programa que resuelve problemas relacionados con la Segunda<br \/>\n Ley de la Termodin\u00e1mica<\/a><\/td>\n<\/tr>\n<tr class=\"row-6\">\n\t<td class=\"column-1\">Rosario Escobar y Laura Buteler<\/td><td class=\"column-2\"><a href=\"https:\/\/drive.google.com\/file\/d\/15IDsThztK1xzfWsLUhwxltfHCTbIhJjX\/view?usp=sharing\" rel=\"noopener noreferrer\" target=\"_blank\">Videojuegos como recurso did\u00e1ctico: modelado de la interacci\u00f3n con Portal 2<\/a><\/td>\n<\/tr>\n<\/tbody>\n<\/table>\n<!-- #tablepress-14 from cache -->\n\n\n\n<p>Sesi\u00f3n de discusi\u00f3n:<strong>&nbsp;N<\/strong> (Avances de Tesis y Proyectos de Investigaci\u00f3n)<strong>&nbsp;<\/strong><\/p>\n\n\n\n<p>Coordinador\/a: <strong>Silvina Cordero<\/strong><\/p>\n\n\n\n<table id=\"tablepress-15\" class=\"tablepress tablepress-id-15\">\n<thead>\n<tr class=\"row-1\">\n\t<th class=\"column-1\">Autor\/a<\/th><th class=\"column-2\">T\u00edtulo de Tesis<\/th>\n<\/tr>\n<\/thead>\n<tbody class=\"row-striping row-hover\">\n<tr class=\"row-2\">\n\t<td class=\"column-1\">Oscar Trinidad<\/td><td class=\"column-2\"><a href=\"https:\/\/drive.google.com\/open?id=1IEtzkbRRpfsfvl2kPkOTz7LPDzqwrmWS\" rel=\"noopener noreferrer\" target=\"_blank\">Ense\u00f1anza de las Ciencias Naturales basada en contextos: An\u00e1lisis de un dispositivo para el acompa\u00f1amiento en el dise\u00f1o de secuencias <br \/>\ndid\u00e1cticas en la formaci\u00f3n inicial del profesorado<\/a><\/td>\n<\/tr>\n<tr class=\"row-3\">\n\t<td class=\"column-1\">Lisbeth Lorena Alvarado-Guzm\u00e1n<\/td><td class=\"column-2\"><a href=\"https:\/\/drive.google.com\/open?id=1Imcxl8GbNFC-ieP8ZWmWO9zbF-nagCTL\" rel=\"noopener noreferrer\" target=\"_blank\">Discursos de los docentes formadores sobre la ense\u00f1anza de la \u00d3ptica en la formaci\u00f3n inicial de profesores de F\u00edsica<\/a><\/td>\n<\/tr>\n<tr class=\"row-4\">\n\t<td class=\"column-1\">Victor Furci<\/td><td class=\"column-2\"><a href=\"https:\/\/drive.google.com\/open?id=14g-wAiBr62mnhNcbvlgXt6cWEV_LYNR1\" rel=\"noopener noreferrer\" target=\"_blank\">Ense\u00f1anza de la f\u00edsica basada en la modelizaci\u00f3n: Caracterizaci\u00f3n de <br \/>\nlas configuraciones did\u00e1cticas y los estilos de planificaci\u00f3n de<br \/>\n profesores de ciencias naturales de nivel secundario.<\/a><\/td>\n<\/tr>\n<tr class=\"row-5\">\n\t<td class=\"column-1\">Luis Peretti<\/td><td class=\"column-2\"><a href=\"https:\/\/drive.google.com\/open?id=14gRuMgK5F2lIh_wF6mhAzIqOZytkw1aC\" rel=\"noopener noreferrer\" target=\"_blank\">Estudio de la incidencia de las representaciones sociales sobre lo <br \/>\ntecnol\u00f3gico de estudiantes del profesorado en sus propuestas de<br \/>\n inclusi\u00f3n de tecnolog\u00edas para la ense\u00f1anza de las ciencias naturales.<\/a><\/td>\n<\/tr>\n<tr class=\"row-6\">\n\t<td class=\"column-1\">Carolina Fl\u00f3rez Aguirre<\/td><td class=\"column-2\"><a href=\"https:\/\/drive.google.com\/file\/d\/1DI3rz4F4_uDEv_xJaIbmJuuM-AvEkdA8\/view\" rel=\"noopener noreferrer\" target=\"_blank\">Imaginar en Ciencias: La Actividad Imaginativa en la construcci\u00f3n de Modelos Mentales en F\u00edsica en la Educaci\u00f3n B\u00e1sica Primaria<\/a><\/td>\n<\/tr>\n<tr class=\"row-7\">\n\t<td class=\"column-1\">C\u00e9spedes Guevara Nelly Yolanda<\/td><td class=\"column-2\"><a href=\"https:\/\/drive.google.com\/open?id=1QNkqvwVHReaA7hdLzM7L75dA9iF9a9iL\" rel=\"noopener noreferrer\" target=\"_blank\">An\u00e1lisis del fen\u00f3meno dualidad onda \u2013 part\u00edcula desde la producci\u00f3n de conocimiento<\/a><\/td>\n<\/tr>\n<tr class=\"row-8\">\n\t<td class=\"column-1\">Marcos Esteban Kupczewski<br \/>\n<\/td><td class=\"column-2\"><a href=\"https:\/\/drive.google.com\/file\/d\/14HFzFSizpsJ7bbQJ2s-WkV-R2NYIB-Sj\/view\">Incorporar tecnolog\u00edas de la informaci\u00f3n y la comunicaci\u00f3n en F\u00edsica, seminario de formaci\u00f3n interna<\/a><\/td>\n<\/tr>\n<\/tbody>\n<\/table>\n<!-- #tablepress-15 from cache -->\n\n\n\n<p><\/p>\n\n\n\n<h4 class=\"wp-block-heading\">Sobre la modalidad de presentaci\u00f3n de los trabajos<\/h4>\n\n\n\n<p class=\"has-normal-font-size\">\u2022 Los trabajos aceptados para presentaci\u00f3n en SIEF 15 ser\u00e1n distribuidos seg\u00fan la tem\u00e1tica en diferentes Sesiones de Discusi\u00f3n (SD). Cada SD alojar\u00e1 aproximadamente 5 trabajos. La distribuci\u00f3n de los trabajos en las diferentes SD ser\u00e1 dada a conocer dos semanas antes del comienzo de SIEF.<br>\u2022 Dos semanas antes de SIEF, los trabajos estar\u00e1n disponibles para su lectura por parte de los autores de cada SD . Se recomienda fuertemente la lectura de los mismos.<br>\u2022 Una semana antes del comienzo de SIEF, los autores de cada trabajo deber\u00e1n proveer un (\u00fanico) video de no m\u00e1s de 5 minutos presentando una s\u00edntesis del mismo (oportunamente se informar\u00e1 el procedimiento para su env\u00edo). El video debe registrar s\u00f3lamente a la(s)\/el\/los autores en la exposici\u00f3n de la s\u00edntesis, evitando las presentaciones en soporte digital o material. Estos videos estar\u00e1n luego disponibles en un foro dedicado a cada SD.<br>\u2022 Desde las 0 hs. del lunes hasta las 24 hs. del jueves, se abrir\u00e1n los foros de las SD. Cada autor\/a y asistente podr\u00e1 intervenir all\u00ed con preguntas, comentarios, etc, los cuales ser\u00e1n moderados por un\/a Coordinador\/a. La participaci\u00f3n activa en el foro por parte de la(s)\/el\/los autoras\/es es condici\u00f3n indispensable para acreditar la presentaci\u00f3n del trabao en SIEF 15<\/p>\n","protected":false},"excerpt":{"rendered":"<p>Sesi\u00f3n de discusi\u00f3n:\u00a0A Coordinadora: Alejandra Dom\u00ednguez Sesi\u00f3n de discusi\u00f3n:&nbsp;B Coordinadora: Alejandra Rosolio Sesi\u00f3n de discusi\u00f3n:&nbsp;C Coordinadora: Consuelo Escudero Sesi\u00f3n de discusi\u00f3n:&nbsp;D Coordinadora: Erica Zorrilla Sesi\u00f3n de discusi\u00f3n:&nbsp;E Coordinador: Diego Petrucci Sesi\u00f3n de discusi\u00f3n:&nbsp;F Coordinadora: Elena Hoyos Sesi\u00f3n de discusi\u00f3n:&nbsp;G Coordinadora: Carla Maturano Sesi\u00f3n de discusi\u00f3n:&nbsp;H Coordinador: Juan Farina Sesi\u00f3n de discusi\u00f3n:&nbsp;I Coordinadora: Miriam Scancich Sesi\u00f3n &hellip; <a href=\"https:\/\/apfa.org.ar\/webeventos\/sief15\/informacion\/\" class=\"more-link\">Seguir leyendo <span class=\"screen-reader-text\">Sesiones de Discusi\u00f3n<\/span> <span class=\"meta-nav\">&rarr;<\/span><\/a><\/p>\n","protected":false},"author":2,"featured_media":0,"parent":0,"menu_order":0,"comment_status":"closed","ping_status":"closed","template":"","meta":{"footnotes":""},"class_list":["post-154","page","type-page","status-publish","hentry"],"_links":{"self":[{"href":"https:\/\/apfa.org.ar\/webeventos\/sief15\/wp-json\/wp\/v2\/pages\/154","targetHints":{"allow":["GET"]}}],"collection":[{"href":"https:\/\/apfa.org.ar\/webeventos\/sief15\/wp-json\/wp\/v2\/pages"}],"about":[{"href":"https:\/\/apfa.org.ar\/webeventos\/sief15\/wp-json\/wp\/v2\/types\/page"}],"author":[{"embeddable":true,"href":"https:\/\/apfa.org.ar\/webeventos\/sief15\/wp-json\/wp\/v2\/users\/2"}],"replies":[{"embeddable":true,"href":"https:\/\/apfa.org.ar\/webeventos\/sief15\/wp-json\/wp\/v2\/comments?post=154"}],"version-history":[{"count":0,"href":"https:\/\/apfa.org.ar\/webeventos\/sief15\/wp-json\/wp\/v2\/pages\/154\/revisions"}],"wp:attachment":[{"href":"https:\/\/apfa.org.ar\/webeventos\/sief15\/wp-json\/wp\/v2\/media?parent=154"}],"curies":[{"name":"wp","href":"https:\/\/api.w.org\/{rel}","templated":true}]}}