{"id":26,"date":"2020-02-05T20:13:51","date_gmt":"2020-02-05T20:13:51","guid":{"rendered":"https:\/\/cordobasief15.wordpress.com\/?page_id=26"},"modified":"2020-02-05T20:13:51","modified_gmt":"2020-02-05T20:13:51","slug":"inscripciones","status":"publish","type":"page","link":"https:\/\/apfa.org.ar\/webeventos\/sief15\/inscripciones\/","title":{"rendered":"Inscripciones"},"content":{"rendered":"\n<h4 class=\"wp-block-heading\">Fecha Importante<\/h4>\n\n\n\n<p>A fin de que todos puedan ingresar correctamente a la plataforma en la que se llevar\u00e1 a cabo SIEF 15 a partir d\u00eda lunes 5 de octubre, las inscripciones se tomar\u00e1n hasta el\u00a0<strong>viernes 2 de octubre a las 24 hs.<\/strong>\u00a0<\/p>\n\n\n\n<h4 class=\"wp-block-heading\">Costos de inscripci\u00f3n a Sief<\/h4>\n\n\n\n<figure class=\"wp-block-table aligncenter\"><table><tbody><tr><td><\/td><td class=\"has-text-align-center\" data-align=\"center\">Inscripci\u00f3n sin derecho <br> a presentar<br> trabajo<\/td><td class=\"has-text-align-center\" data-align=\"center\">Inscripci\u00f3n con <br>derecho  <br>a presentar trabajo<\/td><\/tr><tr><td> Socios APFA y de asociaciones adheridas <\/td><td class=\"has-text-align-center\" data-align=\"center\">$501<\/td><td class=\"has-text-align-center\" data-align=\"center\">$2001<\/td><\/tr><tr><td>No-Socio APFA <\/td><td class=\"has-text-align-center\" data-align=\"center\">$1001<\/td><td class=\"has-text-align-center\" data-align=\"center\">$4001<\/td><\/tr><tr><td>Socio APFA &#8211; ESTUDIANTE <\/td><td class=\"has-text-align-center\" data-align=\"center\">$251<\/td><td class=\"has-text-align-center\" data-align=\"center\">$1001<\/td><\/tr><tr><td>No-Socio APFA &#8211; ESTUDIANTE <\/td><td class=\"has-text-align-center\" data-align=\"center\">$501<\/td><td class=\"has-text-align-center\" data-align=\"center\">$2001<\/td><\/tr><tr><td>Extranjeros<\/td><td class=\"has-text-align-center\" data-align=\"center\">U$S 20<\/td><td class=\"has-text-align-center\" data-align=\"center\">U$S 80<\/td><\/tr><\/tbody><\/table><\/figure>\n\n\n\n<p>Estudiantes (Socios y No Socios, de APFA): deben acreditar su condici\u00f3n, presentando un certificado de Alumno Regular.<\/p>\n\n\n\n<p>Asociaciones Adheridas: ADEQRA, ADBiA y AFA.<\/p>\n\n\n\n<p>Importante: si alguien que no es socio est\u00e1 interesado en inscribirse y presentar un trabajo, con solo asociarse recibe todos los beneficios de los asociados.<\/p>\n\n\n\n<h4 class=\"wp-block-heading\">Inscripci\u00f3n<\/h4>\n\n\n\n<p><strong>Residentes en Argentina<\/strong><\/p>\n\n\n\n<p>El pago de inscripci\u00f3n se realiza por transferencia a la cuenta:<\/p>\n\n\n\n<p>Raz\u00f3n Social: Asociaci\u00f3n de Profesores de F\u00edsica de la Argentina<br>CUIT: 30-69044579-0<\/p>\n\n\n\n<p><strong>CBU<\/strong>: 1910344455034400522200<\/p>\n\n\n\n<p><strong>N\u00ba de cuenta<\/strong>: 191-344-005222\/0<\/p>\n\n\n\n<p>Cuenta Corriente Especial \u2013 Banco Credicoop<\/p>\n\n\n\n<p>Para realizar la inscripci\u00f3n deber\u00e1 completar el siguiente formulario, en d\u00f3nde deber\u00e1 adjuntar el comprobante de transferencia.<\/p>\n\n\n\n<p><a href=\"https:\/\/docs.google.com\/forms\/d\/e\/1FAIpQLSeEosdvHrtrk2DSQ6JUUnQgg7bVvZTrAFokmSQm6g6lrBmkMA\/viewform?usp=sf_link\">FORMULARIO DE INSCRIPCI\u00d3N<\/a><\/p>\n\n\n\n<p><strong>Residentes en el exterior<\/strong><\/p>\n\n\n\n<p>El pago de inscripci\u00f3n se realiza por transferencia a la cuenta:<\/p>\n\n\n\n<p>Raz\u00f3n Social: Asociaci\u00f3n de Profesores de F\u00edsica de la Argentina<br>CUIT: 30-69044579-0<\/p>\n\n\n\n<p><strong>CBU<\/strong>: 1910344455034400522200<\/p>\n\n\n\n<p><strong>N\u00ba de cuenta<\/strong>: 191-344-005222\/0<\/p>\n\n\n\n<p>Cuenta Corriente Especial \u2013 Banco Credicoop<\/p>\n\n\n\n<p>Para realizar la inscripci\u00f3n deber\u00e1 completar el formulario haciendo click aqu\u00ed, en d\u00f3nde deber\u00e1 adjuntar el comprobante de transferencia. : <\/p>\n\n\n\n<p><a href=\"https:\/\/docs.google.com\/forms\/d\/e\/1FAIpQLSeEosdvHrtrk2DSQ6JUUnQgg7bVvZTrAFokmSQm6g6lrBmkMA\/viewform?usp=sf_link\">FORMULARIO DE INSCRIPCI\u00d3N<\/a><\/p>\n\n\n\n<p>INFORMACI\u00d3N PARA EL PAGO DE INSCRIPCI\u00d3N POR PARTE DE EXTRANJEROS :<\/p>\n\n\n\n<p>Estimado colega: <a href=\"http:\/\/apfa.org.ar\/sief15\/instrucciones-para-recibir-cobros-transferencias-en-dolares-estadounidenses\/\">Aqu\u00ed<\/a> le proporcionamos informaci\u00f3n que probablemente le sea requerida (dependiendo del banco en el cual tenga asentada su cuenta) para realizar el pago de la inscripci\u00f3n a SIEF 15, a trav\u00e9s de una transferencia (o giro).<\/p>\n\n\n\n<p>Ante cualquier inconveniente, no duden en contactar con la organizaci\u00f3n: <a href=\"mailto:sief15@famaf.unc.edu.ar\">sief15@famaf.unc.edu.ar<\/a><\/p>\n","protected":false},"excerpt":{"rendered":"<p>Fecha Importante A fin de que todos puedan ingresar correctamente a la plataforma en la que se llevar\u00e1 a cabo SIEF 15 a partir d\u00eda lunes 5 de octubre, las inscripciones se tomar\u00e1n hasta el\u00a0viernes 2 de octubre a las 24 hs.\u00a0 Costos de inscripci\u00f3n a Sief Inscripci\u00f3n sin derecho a presentar trabajo Inscripci\u00f3n con &hellip; <a href=\"https:\/\/apfa.org.ar\/webeventos\/sief15\/inscripciones\/\" class=\"more-link\">Seguir leyendo <span class=\"screen-reader-text\">Inscripciones<\/span> <span class=\"meta-nav\">&rarr;<\/span><\/a><\/p>\n","protected":false},"author":2,"featured_media":0,"parent":0,"menu_order":0,"comment_status":"closed","ping_status":"closed","template":"","meta":{"footnotes":""},"class_list":["post-26","page","type-page","status-publish","hentry"],"_links":{"self":[{"href":"https:\/\/apfa.org.ar\/webeventos\/sief15\/wp-json\/wp\/v2\/pages\/26","targetHints":{"allow":["GET"]}}],"collection":[{"href":"https:\/\/apfa.org.ar\/webeventos\/sief15\/wp-json\/wp\/v2\/pages"}],"about":[{"href":"https:\/\/apfa.org.ar\/webeventos\/sief15\/wp-json\/wp\/v2\/types\/page"}],"author":[{"embeddable":true,"href":"https:\/\/apfa.org.ar\/webeventos\/sief15\/wp-json\/wp\/v2\/users\/2"}],"replies":[{"embeddable":true,"href":"https:\/\/apfa.org.ar\/webeventos\/sief15\/wp-json\/wp\/v2\/comments?post=26"}],"version-history":[{"count":0,"href":"https:\/\/apfa.org.ar\/webeventos\/sief15\/wp-json\/wp\/v2\/pages\/26\/revisions"}],"wp:attachment":[{"href":"https:\/\/apfa.org.ar\/webeventos\/sief15\/wp-json\/wp\/v2\/media?parent=26"}],"curies":[{"name":"wp","href":"https:\/\/api.w.org\/{rel}","templated":true}]}}