{"id":32,"date":"2020-02-05T20:38:25","date_gmt":"2020-02-05T23:38:25","guid":{"rendered":"https:\/\/cordobasief15.wordpress.com\/?page_id=32"},"modified":"2020-02-05T20:38:25","modified_gmt":"2020-02-05T23:38:25","slug":"home-2","status":"publish","type":"page","link":"https:\/\/apfa.org.ar\/webeventos\/sief15\/","title":{"rendered":""},"content":{"rendered":"\n<div class=\"wp-block-group alignfull\"><div class=\"wp-block-group__inner-container is-layout-flow wp-block-group-is-layout-flow\">\n<p class=\"has-text-align-center\"><img decoding=\"async\" class=\"wp-image-291\" style=\"width:490px\" src=\"http:\/\/apfa.org.ar\/webeventos\/sief15\/wp-content\/uploads\/sites\/3\/2020\/03\/g12-6.png\" alt=\"undefined\"><\/p>\n\n\n\n<div style=\"height:32px\" aria-hidden=\"true\" class=\"wp-block-spacer\"><\/div>\n\n\n\n<div class=\"wp-block-group\"><div class=\"wp-block-group__inner-container is-layout-flow wp-block-group-is-layout-flow\">\n<div class=\"wp-block-group is-layout-flow wp-block-group-is-layout-flow\"><div class=\"wp-block-group__inner-container\"><\/div><\/div>\n<\/div><\/div>\n<\/div><\/div>\n\n\n\n<div class=\"wp-block-group alignfull\"><div class=\"wp-block-group__inner-container is-layout-flow wp-block-group-is-layout-flow\">\n<div class=\"wp-block-cover alignfull has-background-dim-60 has-background-dim\" style=\"background-image:url(https:\/\/cordobasief15.files.wordpress.com\/2020\/02\/imgcorpo_cordoba2.png);background-color:#1f211f;min-height:962px;aspect-ratio:unset;\"><div class=\"wp-block-cover__inner-container is-layout-flow wp-block-cover-is-layout-flow\">\n<h2 class=\"has-text-align-center wp-block-heading\">SIEF 15 &#8211; Formato Virtual -C\u00f3rdoba 2020<\/h2>\n\n\n\n<h4 class=\"has-text-align-center wp-block-heading\"> 5 a<strong> 9 de Octubre<\/strong><\/h4>\n\n\n\n<figure class=\"wp-block-image size-large\"><img loading=\"lazy\" decoding=\"async\" width=\"690\" height=\"388\" src=\"http:\/\/apfa.org.ar\/webeventos\/sief15\/wp-content\/uploads\/sites\/3\/2020\/05\/com.bongasoft.addremovewatermark_gris-1.gif\" alt=\"\" class=\"wp-image-407\" \/><\/figure>\n<\/div><\/div>\n\n\n\n<p class=\"has-text-align-center\"><img loading=\"lazy\" decoding=\"async\" width=\"225\" height=\"225\" class=\"wp-image-225\" style=\"width:75px\" src=\"http:\/\/apfa.org.ar\/webeventos\/sief15\/wp-content\/uploads\/sites\/3\/2020\/02\/apfa.jpeg\" alt=\"\" srcset=\"https:\/\/apfa.org.ar\/webeventos\/sief15\/wp-content\/uploads\/sites\/3\/2020\/02\/apfa.jpeg 225w, https:\/\/apfa.org.ar\/webeventos\/sief15\/wp-content\/uploads\/sites\/3\/2020\/02\/apfa-150x150.jpeg 150w\" sizes=\"auto, (max-width: 225px) 100vw, 225px\" \/>  <img loading=\"lazy\" decoding=\"async\" width=\"478\" height=\"134\" class=\"wp-image-228\" style=\"width:200px\" src=\"http:\/\/apfa.org.ar\/webeventos\/sief15\/wp-content\/uploads\/sites\/3\/2020\/02\/logo-simon-bolivar-2.png\" alt=\"\" srcset=\"https:\/\/apfa.org.ar\/webeventos\/sief15\/wp-content\/uploads\/sites\/3\/2020\/02\/logo-simon-bolivar-2.png 478w, https:\/\/apfa.org.ar\/webeventos\/sief15\/wp-content\/uploads\/sites\/3\/2020\/02\/logo-simon-bolivar-2-300x84.png 300w\" sizes=\"auto, (max-width: 478px) 100vw, 478px\" \/> <img loading=\"lazy\" decoding=\"async\" width=\"1494\" height=\"582\" class=\"wp-image-224\" style=\"width:220px\" src=\"http:\/\/apfa.org.ar\/webeventos\/sief15\/wp-content\/uploads\/sites\/3\/2020\/02\/famaf.png\" alt=\"\" srcset=\"https:\/\/apfa.org.ar\/webeventos\/sief15\/wp-content\/uploads\/sites\/3\/2020\/02\/famaf.png 1494w, https:\/\/apfa.org.ar\/webeventos\/sief15\/wp-content\/uploads\/sites\/3\/2020\/02\/famaf-300x117.png 300w, https:\/\/apfa.org.ar\/webeventos\/sief15\/wp-content\/uploads\/sites\/3\/2020\/02\/famaf-1024x399.png 1024w, https:\/\/apfa.org.ar\/webeventos\/sief15\/wp-content\/uploads\/sites\/3\/2020\/02\/famaf-768x299.png 768w\" sizes=\"auto, (max-width: 1494px) 100vw, 1494px\" \/><img loading=\"lazy\" decoding=\"async\" width=\"2190\" height=\"717\" class=\"wp-image-222\" style=\"width:200px\" src=\"http:\/\/apfa.org.ar\/webeventos\/sief15\/wp-content\/uploads\/sites\/3\/2020\/02\/fcefyn-fullc-tagline.png\" alt=\"\" srcset=\"https:\/\/apfa.org.ar\/webeventos\/sief15\/wp-content\/uploads\/sites\/3\/2020\/02\/fcefyn-fullc-tagline.png 2190w, https:\/\/apfa.org.ar\/webeventos\/sief15\/wp-content\/uploads\/sites\/3\/2020\/02\/fcefyn-fullc-tagline-300x98.png 300w, https:\/\/apfa.org.ar\/webeventos\/sief15\/wp-content\/uploads\/sites\/3\/2020\/02\/fcefyn-fullc-tagline-1024x335.png 1024w, https:\/\/apfa.org.ar\/webeventos\/sief15\/wp-content\/uploads\/sites\/3\/2020\/02\/fcefyn-fullc-tagline-768x251.png 768w, https:\/\/apfa.org.ar\/webeventos\/sief15\/wp-content\/uploads\/sites\/3\/2020\/02\/fcefyn-fullc-tagline-1536x503.png 1536w, https:\/\/apfa.org.ar\/webeventos\/sief15\/wp-content\/uploads\/sites\/3\/2020\/02\/fcefyn-fullc-tagline-2048x671.png 2048w\" sizes=\"auto, (max-width: 2190px) 100vw, 2190px\" \/><\/p>\n<\/div><\/div>\n\n\n\n<p class=\"has-text-align-justify\">El 15\u00ba Simposio de Investigaci\u00f3n en Educaci\u00f3n en F\u00edsica se llevar\u00e1 a cabo durante los d\u00edas 5 al 9 de Octubre de 2020 de forma virtual. Se encuentra disponible toda la informaci\u00f3n respecto de <a href=\"http:\/\/apfa.org.ar\/sief15\/inscripciones\/\">inscripciones<\/a>, <a href=\"http:\/\/apfa.org.ar\/sief15\/informacion\/\">presentaci\u00f3n de trabajos<\/a> y el <a href=\"http:\/\/apfa.org.ar\/sief15\/programa\/\">programa<\/a>. Los trabajos aceptados se publicaran en un n\u00famero extraordinario de la Revista de Ense\u00f1anza de la F\u00edsica.<\/p>\n\n\n\n<p><strong>AVISO:<\/strong> A fin de que todos puedan ingresar correctamente a la plataforma en la que se llevar\u00e1 a cabo SIEF 15 a partir del d\u00eda lunes 5 de octubre, las inscripciones se tomar\u00e1n hasta el\u00a0<strong>viernes 2 de octubre a las 24 hs.<\/strong><em>\u00a0<\/em><\/p>\n\n\n\n<h4 class=\"wp-block-heading\"><em>Contacto<\/em><\/h4>\n\n\n\n<div class=\"wp-block-jetpack-contact-info\">\n<div class=\"wp-block-jetpack-email\"><a href=\"mailto:sief15@famaf.unc.edu.ar\">sief15@famaf.unc.edu.ar<\/a><\/div>\n\n\n\n<p>Env\u00ede su consulta aqu\u00ed si lo desea:<\/p>\n<\/div>\n\n\n\n\n\n\n\n\n\n\n\n\n\n<p><strong>SIEF 15 <\/strong>es avalado por:<\/p>\n\n\n\n<div class=\"wp-block-image\"><figure class=\"alignleft size-large is-resized\"><img loading=\"lazy\" decoding=\"async\" src=\"http:\/\/apfa.org.ar\/webeventos\/sief15\/wp-content\/uploads\/sites\/3\/2020\/05\/ADBIA-1-1024x340.jpg\" alt=\"\" class=\"wp-image-444\" width=\"252\" height=\"83\" srcset=\"https:\/\/apfa.org.ar\/webeventos\/sief15\/wp-content\/uploads\/sites\/3\/2020\/05\/ADBIA-1-1024x340.jpg 1024w, https:\/\/apfa.org.ar\/webeventos\/sief15\/wp-content\/uploads\/sites\/3\/2020\/05\/ADBIA-1-300x99.jpg 300w, https:\/\/apfa.org.ar\/webeventos\/sief15\/wp-content\/uploads\/sites\/3\/2020\/05\/ADBIA-1-768x255.jpg 768w, https:\/\/apfa.org.ar\/webeventos\/sief15\/wp-content\/uploads\/sites\/3\/2020\/05\/ADBIA-1.jpg 1146w\" sizes=\"auto, (max-width: 252px) 100vw, 252px\" \/><\/figure><\/div>\n\n\n\n<div class=\"wp-block-image\"><figure class=\"alignleft size-large is-resized\"><img loading=\"lazy\" decoding=\"async\" src=\"http:\/\/apfa.org.ar\/webeventos\/sief15\/wp-content\/uploads\/sites\/3\/2020\/05\/ADEQRA-1-2.jpg\" alt=\"\" class=\"wp-image-446\" width=\"175\" height=\"93\" srcset=\"https:\/\/apfa.org.ar\/webeventos\/sief15\/wp-content\/uploads\/sites\/3\/2020\/05\/ADEQRA-1-2.jpg 479w, https:\/\/apfa.org.ar\/webeventos\/sief15\/wp-content\/uploads\/sites\/3\/2020\/05\/ADEQRA-1-2-300x160.jpg 300w\" sizes=\"auto, (max-width: 175px) 100vw, 175px\" \/><\/figure><\/div>\n\n\n\n<p><\/p>\n","protected":false},"excerpt":{"rendered":"<p>El 15\u00ba Simposio de Investigaci\u00f3n en Educaci\u00f3n en F\u00edsica se llevar\u00e1 a cabo durante los d\u00edas 5 al 9 de Octubre de 2020 de forma virtual. Se encuentra disponible toda la informaci\u00f3n respecto de inscripciones, presentaci\u00f3n de trabajos y el programa. Los trabajos aceptados se publicaran en un n\u00famero extraordinario de la Revista de Ense\u00f1anza &hellip; <a href=\"https:\/\/apfa.org.ar\/webeventos\/sief15\/\" class=\"more-link\">Seguir leyendo <span class=\"screen-reader-text\"><\/span> <span class=\"meta-nav\">&rarr;<\/span><\/a><\/p>\n","protected":false},"author":2,"featured_media":0,"parent":0,"menu_order":0,"comment_status":"closed","ping_status":"closed","template":"","meta":{"footnotes":""},"class_list":["post-32","page","type-page","status-publish","hentry"],"_links":{"self":[{"href":"https:\/\/apfa.org.ar\/webeventos\/sief15\/wp-json\/wp\/v2\/pages\/32","targetHints":{"allow":["GET"]}}],"collection":[{"href":"https:\/\/apfa.org.ar\/webeventos\/sief15\/wp-json\/wp\/v2\/pages"}],"about":[{"href":"https:\/\/apfa.org.ar\/webeventos\/sief15\/wp-json\/wp\/v2\/types\/page"}],"author":[{"embeddable":true,"href":"https:\/\/apfa.org.ar\/webeventos\/sief15\/wp-json\/wp\/v2\/users\/2"}],"replies":[{"embeddable":true,"href":"https:\/\/apfa.org.ar\/webeventos\/sief15\/wp-json\/wp\/v2\/comments?post=32"}],"version-history":[{"count":0,"href":"https:\/\/apfa.org.ar\/webeventos\/sief15\/wp-json\/wp\/v2\/pages\/32\/revisions"}],"wp:attachment":[{"href":"https:\/\/apfa.org.ar\/webeventos\/sief15\/wp-json\/wp\/v2\/media?parent=32"}],"curies":[{"name":"wp","href":"https:\/\/api.w.org\/{rel}","templated":true}]}}