{"id":36,"date":"2020-02-05T20:31:12","date_gmt":"2020-02-05T20:31:12","guid":{"rendered":"https:\/\/cordobasief15.wordpress.com\/?page_id=36"},"modified":"2020-02-05T20:31:12","modified_gmt":"2020-02-05T20:31:12","slug":"programa","status":"publish","type":"page","link":"https:\/\/apfa.org.ar\/webeventos\/sief15\/programa\/","title":{"rendered":"Programa"},"content":{"rendered":"\n<p class=\"has-large-font-size\"><strong>Conferencias<\/strong><\/p>\n\n\n\n<table id=\"tablepress-1\" class=\"tablepress tablepress-id-1\">\n<thead>\n<tr class=\"row-1\">\n\t<th class=\"column-1\">D\u00eda y Hora\t<\/th><th class=\"column-2\">Conferencista<\/th><th class=\"column-3\">T\u00edtulo de la Conferencia<\/th>\n<\/tr>\n<\/thead>\n<tbody class=\"row-striping row-hover\">\n<tr class=\"row-2\">\n\t<td class=\"column-1\">Lunes 5<br \/>\nde 14 a 15hs<br \/>\n<\/td><td class=\"column-2\"><a href=\"http:\/\/apfa.org.ar\/sief15\/marco-antonio-moreira\/\">Marco Antonio Moreira<\/a><br \/>\n<\/td><td class=\"column-3\">Predispoci\u00f3n para un aprendizaje significativo de la f\u00edsica: <br \/>\nintencionalidad, motivaci\u00f3n, inter\u00e9s,<br \/>\n auto-eficacia y auto-regulaci\u00f3n. <a href=\"http:\/\/[supsystic-show-popup id=100]\">Ir a resumen<\/a><\/td>\n<\/tr>\n<tr class=\"row-3\">\n\t<td class=\"column-1\">Lunes 5<br \/>\nde 18 a 19hs.<br \/>\n<\/td><td class=\"column-2\"><a href=\"http:\/\/apfa.org.ar\/sief15\/irene-arriassecq\/\">Irene Arriassecq<\/a><\/td><td class=\"column-3\">\u00bfQu\u00e9 significa ser \"alfabetizado cient\u00edficamente\" hoy?<br \/>\nReflexiones en tiempos de pandemia basadas en <br \/>\nenfoques de la naturaleza de la ciencia. <a href=\"http:\/\/[supsystic-show-popup id=106]\">Ir a resumen<\/a><br \/>\n<\/td>\n<\/tr>\n<tr class=\"row-4\">\n\t<td class=\"column-1\">Martes 6<br \/>\nde 14 a 15hs.<br \/>\n<\/td><td class=\"column-2\"><a href=\"http:\/\/apfa.org.ar\/sief15\/orlando-aguiar-jr\/\">Orlando Aguiar Jr.<\/a><\/td><td class=\"column-3\">Ci\u00eancia como cultura e o ensino de energia:<br \/>\nconsidera\u00e7\u00f5es a partir da Teoria de Perfis Conceituais. <a href=\"http:\/\/[supsystic-show-popup id=101]\">Ir a resumen<\/a><\/td>\n<\/tr>\n<tr class=\"row-5\">\n\t<td class=\"column-1\">Martes 6<br \/>\nde 18 a 19hs.<br \/>\n<\/td><td class=\"column-2\"> <a href=\"http:\/\/apfa.org.ar\/sief15\/cristina-esteley\/\">Cristina Esteley<\/a><br \/>\n<a href=\"http:\/\/apfa.org.ar\/sief15\/monica-villarreal\/\">M\u00f3nica Villarreal<\/a><br \/>\n<\/td><td class=\"column-3\">Modelizaci\u00f3n en clases de matem\u00e1tica: <br \/>\nactividades experimentales mediadas por tecnolog\u00edas. <a href=\"http:\/\/[supsystic-show-popup id=107]\">Ir a resumen<\/a><\/td>\n<\/tr>\n<tr class=\"row-6\">\n\t<td class=\"column-1\">Mi\u00e9rcoles 7<br \/>\nde 14 a 15hs.<br \/>\n<\/td><td class=\"column-2\"><a href=\"http:\/\/apfa.org.ar\/sief15\/olivia-levrini\/\">Olivia Levrini<\/a><\/td><td class=\"column-3\">Re-thinking physics education for the society of  acceleration <br \/>\nand uncertainty. <a href=\"http:\/\/[supsystic-show-popup id=102]\" rel=\"noopener noreferrer\" target=\"_blank\">Ir a resumen<\/a><\/td>\n<\/tr>\n<tr class=\"row-7\">\n\t<td class=\"column-1\">Mi\u00e9rcoles 7<br \/>\nde 18 a 19hs.<br \/>\n<\/td><td class=\"column-2\"><a href=\"http:\/\/apfa.org.ar\/sief15\/guadalupe-molina\/\">Guadalupe Molina<\/a><br \/>\n<a href=\"http:\/\/apfa.org.ar\/sief15\/violeta-jardon\/\">Violeta Jard\u00f3n<\/a><br \/>\n<\/td><td class=\"column-3\">Sexo, g\u00e9nero e identidad: \u00bfQu\u00e9 tienen que ver con las pr\u00e1cticas <br \/>\nen el aula y c\u00f3mo nos acercamos a su investigaci\u00f3n?. <a href=\"http:\/\/[supsystic-show-popup id=103]\">Ir a resumen<\/a><\/td>\n<\/tr>\n<tr class=\"row-8\">\n\t<td class=\"column-1\">Jueves 8<br \/>\nde 14 a 15hs<br \/>\n<\/td><td class=\"column-2\"><a href=\"http:\/\/apfa.org.ar\/sief15\/david-hammer\/\">David Hammer<\/a><\/td><td class=\"column-3\">Accepting, appreciating, and arranging for idiosyncrasies of<br \/>\n learning in science. <a href=\"http:\/\/[supsystic-show-popup id=104]\">Ir a resumen<\/a> o <a href=\"http:\/\/apfa.org.ar\/sief15\/wp-content\/uploads\/2020\/09\/Idiosyncratic-cases-and-hopes-for-general-validity-what-education-research-might-learn-from-ecology-Casos-idiosincr-sicos-y-expectativas-de-validez.pdf\">full PDF<\/a><\/td>\n<\/tr>\n<tr class=\"row-9\">\n\t<td class=\"column-1\">Jueves 8<br \/>\nde 18 a 19hs<br \/>\n<\/td><td class=\"column-2\"><a href=\"http:\/\/apfa.org.ar\/sief15\/marcela-sosa\/\">Marcela Sosa<\/a><\/td><td class=\"column-3\">Ense\u00f1anza, curr\u00edculum y formaci\u00f3n en f\u00edsica. <a href=\"http:\/\/[supsystic-show-popup id=108]\">Ir a resumen<\/a><\/td>\n<\/tr>\n<tr class=\"row-10\">\n\t<td class=\"column-1\">Viernes 9<br \/>\nde 14 a 15hs.<br \/>\n<\/td><td class=\"column-2\"><a href=\"http:\/\/apfa.org.ar\/sief15\/florentina-canada-canada\/\">Florentina Ca\u00f1ada Ca\u00f1ada<\/a><br \/>\n<a href=\"http:\/\/apfa.org.ar\/sief15\/jesus-sanchez-martin\/\">Jes\u00fas S\u00e1nchez Mart\u00edn <\/a><br \/>\n<\/td><td class=\"column-3\">Dimensi\u00f3n emocional en las metodolog\u00edas de ense\u00f1anza <br \/>\ny aprendizaje de las ciencias. <a href=\"http:\/\/[supsystic-show-popup id=105]\">Ir a resumen<\/a><\/td>\n<\/tr>\n<tr class=\"row-11\">\n\t<td class=\"column-1\">Viernes 9<br \/>\nde 18 a 19hs.<br \/>\n<\/td><td class=\"column-2\"><a href=\"http:\/\/apfa.org.ar\/sief15\/liliana-abrate\/\">Liliana Abrate<\/a><br \/>\n<a href=\"http:\/\/apfa.org.ar\/sief15\/juan-manuel-martinez\/\">Juan M. Mart\u00ednez<\/a><br \/>\n<\/td><td class=\"column-3\">La investigaci\u00f3n educativa en la formaci\u00f3n docente.<br \/>\n Encuentros, desencuentros y particularidades. <a href=\"[supsystic-show-popup id=109]\">Ir a resumen<\/a><\/td>\n<\/tr>\n<\/tbody>\n<\/table>\n\n\n\n\n<p><\/p>\n\n\n\n<p>*Hora local, C\u00f3rdoba-Argentina<\/p>\n\n\n\n<div class=\"wp-block-group is-layout-flow wp-block-group-is-layout-flow\"><div class=\"wp-block-group__inner-container\"><\/div><\/div>\n\n\n\n<p><\/p>\n","protected":false},"excerpt":{"rendered":"<p>Conferencias *Hora local, C\u00f3rdoba-Argentina<\/p>\n","protected":false},"author":2,"featured_media":0,"parent":0,"menu_order":0,"comment_status":"closed","ping_status":"closed","template":"","meta":{"footnotes":""},"class_list":["post-36","page","type-page","status-publish","hentry"],"_links":{"self":[{"href":"https:\/\/apfa.org.ar\/webeventos\/sief15\/wp-json\/wp\/v2\/pages\/36","targetHints":{"allow":["GET"]}}],"collection":[{"href":"https:\/\/apfa.org.ar\/webeventos\/sief15\/wp-json\/wp\/v2\/pages"}],"about":[{"href":"https:\/\/apfa.org.ar\/webeventos\/sief15\/wp-json\/wp\/v2\/types\/page"}],"author":[{"embeddable":true,"href":"https:\/\/apfa.org.ar\/webeventos\/sief15\/wp-json\/wp\/v2\/users\/2"}],"replies":[{"embeddable":true,"href":"https:\/\/apfa.org.ar\/webeventos\/sief15\/wp-json\/wp\/v2\/comments?post=36"}],"version-history":[{"count":0,"href":"https:\/\/apfa.org.ar\/webeventos\/sief15\/wp-json\/wp\/v2\/pages\/36\/revisions"}],"wp:attachment":[{"href":"https:\/\/apfa.org.ar\/webeventos\/sief15\/wp-json\/wp\/v2\/media?parent=36"}],"curies":[{"name":"wp","href":"https:\/\/api.w.org\/{rel}","templated":true}]}}